{"id":860,"date":"2024-11-10T13:03:49","date_gmt":"2024-11-10T11:03:49","guid":{"rendered":"https:\/\/markelaaksonen.net\/?page_id=860"},"modified":"2025-01-12T16:20:05","modified_gmt":"2025-01-12T14:20:05","slug":"naivismin-talvi-nayttely","status":"publish","type":"page","link":"https:\/\/markelaaksonen.net\/?page_id=860","title":{"rendered":"Naivismin talvi -n\u00e4yttely"},"content":{"rendered":"<div class=\"wp-block-image\">\n<figure class=\"aligncenter size-large is-resized\"><img fetchpriority=\"high\" decoding=\"async\" width=\"1024\" height=\"867\" src=\"https:\/\/markelaaksonen.net\/wp-content\/uploads\/2024\/11\/gronlund_mies_karhu_ja_aasi-1024x867.webp\" alt=\"\" class=\"wp-image-874\" style=\"width:490px;height:auto\" srcset=\"https:\/\/markelaaksonen.net\/wp-content\/uploads\/2024\/11\/gronlund_mies_karhu_ja_aasi-1024x867.webp 1024w, https:\/\/markelaaksonen.net\/wp-content\/uploads\/2024\/11\/gronlund_mies_karhu_ja_aasi-300x254.webp 300w, https:\/\/markelaaksonen.net\/wp-content\/uploads\/2024\/11\/gronlund_mies_karhu_ja_aasi-768x650.webp 768w, https:\/\/markelaaksonen.net\/wp-content\/uploads\/2024\/11\/gronlund_mies_karhu_ja_aasi.webp 1181w\" sizes=\"(max-width: 706px) 89vw, (max-width: 767px) 82vw, 740px\" \/><\/figure>\n<\/div>\n\n<header class=\"entry-header\">\n<h1 class=\"entry-title\"><strong>Naivismin talvi 2024-2025<\/strong><\/h1>\n<\/header>\n<div class=\"entry-content\">\n<p class=\"tapahtuman-ajankohta\"><strong>Ajankohta: 23.11.2024 &#8211; 02.03.2025<\/strong><\/p>\n<p><span style=\"color: #000000;\"><span style=\"font-family: Arial, sans-serif;\"><span style=\"font-size: medium;\">T\u00e4n\u00e4 vuonna n\u00e4yttely jakautuu useampaan eri osa-alueeseen. Alakerrassa palataan Naivistit Iittalassa -n\u00e4yttelyiden alkujuurille 80- ja 90-luvuille. Palan naivismin historiaa tarjoilevat teoksillaan\u00a0<\/span><\/span><\/span><em><span style=\"color: #000000;\"><span style=\"font-family: Arial, sans-serif;\"><span style=\"font-size: medium;\">Martti Innanen, Nikolai Lehto, Markku Kosonen, Alice Kaira, Annukka Gr\u00f6nlund, Dora Holzhandler<\/span><\/span><\/span><\/em><span style=\"color: #000000;\"><span style=\"font-family: Arial, sans-serif;\"><span style=\"font-size: medium;\">\u00a0sek\u00e4\u00a0<\/span><\/span><\/span><em><span style=\"color: #000000;\"><span style=\"font-family: Arial, sans-serif;\"><span style=\"font-size: medium;\">H\u00e5kan Brunberg<\/span><\/span><\/span><\/em><span style=\"color: #000000;\"><span style=\"font-family: Arial, sans-serif;\"><span style=\"font-size: medium;\">. N\u00e4yttely on kunnianosoitus Kalevi ja Aira Hein\u00e4selle, jotka omalla innolla ja ty\u00f6ll\u00e4\u00e4n loivat vankan pohjan naivismille juuri Iittalassa.\u00a0<\/span><\/span><\/span><\/p>\n<p><span style=\"color: #000000;\"><span style=\"font-family: Arial, sans-serif;\"><span style=\"font-size: medium;\">Nykynaivismin pariin katsojan viettelev\u00e4t yli 20 eri taiteilijaa sek\u00e4 suuren suosion saaneet nukkekodit. Alakerran suuressa salissa taidelainaamogalleria tarjoaa vaihtuvan katsauksen nykynaivismiin.<\/span><\/span><\/span><\/p>\n<p><strong><span style=\"color: #000000;\"><span style=\"font-family: Arial, sans-serif;\"><span style=\"font-size: medium;\"><b>Nykynaivisteista mukana t\u00e4n\u00e4 talvena:<\/b><\/span><\/span><\/span><\/strong><\/p>\n<p><span style=\"color: #000000;\"><span style=\"font-family: Arial, sans-serif;\"><span style=\"font-size: medium;\">Marit Bj\u00f6rnegran<br \/>Margit Hakanen<br \/>Petra Heikkil\u00e4<br \/>Sinikka Hurskainen<br \/>Kirsi Jalava<br \/>Stig Jansson<br \/>Maija Kanerva<br \/>Ulla Kauhanen<br \/>Elina Kautto<br \/>K\u00e5ira<br \/>Marke Laaksonen<br \/>Esa Lepp\u00e4nen<br \/>Anna Luostarinen<br \/>Raija M\u00e4nnist\u00f6-Koski<br \/>Luciana Mariano<br \/>Virve Niemi<br \/>Pirkko Pullinen-Valtonen<br \/>Tarja Rinta<br \/>Sirkku Salo<br \/>Olli Sammakka<br \/>Satu Tanninen<br \/>Pirjo Uimonen<br \/>Aimo Vuorinen<\/span><\/span><\/span><\/p>\n<p><strong><span style=\"color: #000000;\"><span style=\"font-family: Arial, sans-serif;\"><span style=\"font-size: medium;\"><b>Aulaputiikin galleriassa\/ Taidelainaamossa mukana my\u00f6s<br \/><\/b><\/span><\/span><\/span><\/strong><span style=\"color: #000000;\"><span style=\"font-family: Arial, sans-serif;\"><span style=\"font-size: medium;\"><br \/>Ira Gr\u00fcnfelder<br \/>Miia Ikimeri<br \/>Aura Kajas<br \/>Antti Kuikka<br \/>Lauri Lahtinen<br \/>Talvikki Lusa<br \/>Natalia Mashkina<br \/>Kati Mikola<br \/>Hannamari Matikainen<br \/>Merja Nyk\u00e4nen-Naukkarinen<br \/>Tiitus Pet\u00e4j\u00e4niemi<\/span><\/span><\/span><\/p>\n<p><strong><span style=\"color: #000000;\"><span style=\"font-family: Arial, sans-serif;\"><span style=\"font-size: medium;\"><b>Nukkekotin\u00e4yttelyss\u00e4 yl\u00e4kerran salissa<\/b><\/span><\/span><\/span><\/strong><span style=\"color: #000000;\"><span style=\"font-family: Arial, sans-serif;\"><span style=\"font-size: medium;\"><br \/><br \/>Hannele Lemmetyinen<br \/>Sari Niininen<\/span><\/span><\/span><\/p>\n<\/div>","protected":false},"excerpt":{"rendered":"<p>Naivismin talvi 2024-2025 Ajankohta: 23.11.2024 &#8211; 02.03.2025 T\u00e4n\u00e4 vuonna n\u00e4yttely jakautuu useampaan eri osa-alueeseen. Alakerrassa palataan Naivistit Iittalassa -n\u00e4yttelyiden alkujuurille 80- ja 90-luvuille. Palan naivismin historiaa tarjoilevat teoksillaan\u00a0Martti Innanen, Nikolai Lehto, Markku Kosonen, Alice Kaira, Annukka Gr\u00f6nlund, Dora Holzhandler\u00a0sek\u00e4\u00a0H\u00e5kan Brunberg. N\u00e4yttely on kunnianosoitus Kalevi ja Aira Hein\u00e4selle, jotka omalla innolla ja ty\u00f6ll\u00e4\u00e4n loivat vankan pohjan &hellip; <\/p>\n<p class=\"link-more\"><a href=\"https:\/\/markelaaksonen.net\/?page_id=860\" class=\"more-link\">Jatka lukemista<span class=\"screen-reader-text\"> &#8221;Naivismin talvi -n\u00e4yttely&#8221;<\/span><\/a><\/p>\n","protected":false},"author":1,"featured_media":0,"parent":0,"menu_order":0,"comment_status":"closed","ping_status":"closed","template":"","meta":{"footnotes":""},"class_list":["post-860","page","type-page","status-publish","hentry"],"_links":{"self":[{"href":"https:\/\/markelaaksonen.net\/index.php?rest_route=\/wp\/v2\/pages\/860","targetHints":{"allow":["GET"]}}],"collection":[{"href":"https:\/\/markelaaksonen.net\/index.php?rest_route=\/wp\/v2\/pages"}],"about":[{"href":"https:\/\/markelaaksonen.net\/index.php?rest_route=\/wp\/v2\/types\/page"}],"author":[{"embeddable":true,"href":"https:\/\/markelaaksonen.net\/index.php?rest_route=\/wp\/v2\/users\/1"}],"replies":[{"embeddable":true,"href":"https:\/\/markelaaksonen.net\/index.php?rest_route=%2Fwp%2Fv2%2Fcomments&post=860"}],"version-history":[{"count":3,"href":"https:\/\/markelaaksonen.net\/index.php?rest_route=\/wp\/v2\/pages\/860\/revisions"}],"predecessor-version":[{"id":915,"href":"https:\/\/markelaaksonen.net\/index.php?rest_route=\/wp\/v2\/pages\/860\/revisions\/915"}],"wp:attachment":[{"href":"https:\/\/markelaaksonen.net\/index.php?rest_route=%2Fwp%2Fv2%2Fmedia&parent=860"}],"curies":[{"name":"wp","href":"https:\/\/api.w.org\/{rel}","templated":true}]}}