{"id":397,"date":"2021-08-25T13:55:32","date_gmt":"2021-08-25T10:55:32","guid":{"rendered":"http:\/\/markelaaksonen.net\/?page_id=397"},"modified":"2025-10-17T16:13:18","modified_gmt":"2025-10-17T13:13:18","slug":"nayttelyt","status":"publish","type":"page","link":"https:\/\/markelaaksonen.net\/?page_id=397","title":{"rendered":"N\u00e4yttelyt"},"content":{"rendered":"<h4>\u00a0<\/h4>\n<p><strong><span style=\"color: #ff0000;\">N\u00c4YTTELYT<\/span><\/strong><\/p>\n\n\n<div class=\"wp-block-media-text is-stacked-on-mobile\"><figure class=\"wp-block-media-text__media\"><img fetchpriority=\"high\" decoding=\"async\" width=\"1024\" height=\"1024\" src=\"https:\/\/markelaaksonen.net\/wp-content\/uploads\/2025\/10\/salo-sininen-kyla-1024x1024-2.webp\" alt=\"\" class=\"wp-image-1072 size-full\" srcset=\"https:\/\/markelaaksonen.net\/wp-content\/uploads\/2025\/10\/salo-sininen-kyla-1024x1024-2.webp 1024w, https:\/\/markelaaksonen.net\/wp-content\/uploads\/2025\/10\/salo-sininen-kyla-1024x1024-2-300x300.webp 300w, https:\/\/markelaaksonen.net\/wp-content\/uploads\/2025\/10\/salo-sininen-kyla-1024x1024-2-150x150.webp 150w, https:\/\/markelaaksonen.net\/wp-content\/uploads\/2025\/10\/salo-sininen-kyla-1024x1024-2-768x768.webp 768w, https:\/\/markelaaksonen.net\/wp-content\/uploads\/2025\/10\/salo-sininen-kyla-1024x1024-2-100x100.webp 100w, https:\/\/markelaaksonen.net\/wp-content\/uploads\/2025\/10\/salo-sininen-kyla-1024x1024-2-200x200.webp 200w\" sizes=\"(max-width: 706px) 89vw, (max-width: 767px) 82vw, 740px\" \/><\/figure><div class=\"wp-block-media-text__content\">\n<p><strong><a href=\"https:\/\/naivistit.fi\/naivismin-talvi-nayttely-iittalan-puukoululla-2025-26\/\">22.11.2025-8.3.2026 Naivismin talvi<\/a><\/strong><\/p>\n\n\n\n<p>Avoinna pe-su klo 11-15<br \/>Avajaiset la 22.11. klo 15-17<\/p>\n<\/div><\/div>\n\n\n\n<figure class=\"wp-block-image size-full\"><img decoding=\"async\" width=\"900\" height=\"602\" src=\"https:\/\/markelaaksonen.net\/wp-content\/uploads\/2025\/07\/TurunTaiteidenyo_2025_download.jpg\" alt=\"\" class=\"wp-image-1004\" srcset=\"https:\/\/markelaaksonen.net\/wp-content\/uploads\/2025\/07\/TurunTaiteidenyo_2025_download.jpg 900w, https:\/\/markelaaksonen.net\/wp-content\/uploads\/2025\/07\/TurunTaiteidenyo_2025_download-300x201.jpg 300w, https:\/\/markelaaksonen.net\/wp-content\/uploads\/2025\/07\/TurunTaiteidenyo_2025_download-768x514.jpg 768w, https:\/\/markelaaksonen.net\/wp-content\/uploads\/2025\/07\/TurunTaiteidenyo_2025_download-150x100.jpg 150w, https:\/\/markelaaksonen.net\/wp-content\/uploads\/2025\/07\/TurunTaiteidenyo_2025_download-200x133.jpg 200w, https:\/\/markelaaksonen.net\/wp-content\/uploads\/2025\/07\/TurunTaiteidenyo_2025_download-250x166.jpg 250w\" sizes=\"(max-width: 706px) 89vw, (max-width: 767px) 82vw, 740px\" \/><\/figure>\n\n\n<p><strong>Olen mukana Turun Taiteiden Y\u00f6ss\u00e4 myym\u00e4ss\u00e4 maalauksiani POP UP -n\u00e4yttelyss\u00e4 14.8.2025 Forum Korttelissa.<\/strong><\/p>\n\n\n<div class=\"wp-block-columns is-layout-flex wp-container-core-columns-is-layout-9d6595d7 wp-block-columns-is-layout-flex\">\n<div class=\"wp-block-column is-layout-flow wp-block-column-is-layout-flow\">\n<figure class=\"wp-block-image size-large\"><img decoding=\"async\" width=\"819\" height=\"1024\" src=\"https:\/\/markelaaksonen.net\/wp-content\/uploads\/2025\/04\/2025-05-piikkio-laaksonen-IG-1080x1350-1-819x1024.jpg\" alt=\"\" class=\"wp-image-984\" srcset=\"https:\/\/markelaaksonen.net\/wp-content\/uploads\/2025\/04\/2025-05-piikkio-laaksonen-IG-1080x1350-1-819x1024.jpg 819w, https:\/\/markelaaksonen.net\/wp-content\/uploads\/2025\/04\/2025-05-piikkio-laaksonen-IG-1080x1350-1-240x300.jpg 240w, https:\/\/markelaaksonen.net\/wp-content\/uploads\/2025\/04\/2025-05-piikkio-laaksonen-IG-1080x1350-1-768x960.jpg 768w, https:\/\/markelaaksonen.net\/wp-content\/uploads\/2025\/04\/2025-05-piikkio-laaksonen-IG-1080x1350-1.jpg 1080w\" sizes=\"(max-width: 706px) 89vw, (max-width: 767px) 82vw, 740px\" \/><\/figure>\n\n\n\n<p><strong><a href=\"https:\/\/markelaaksonen.net\/?page_id=864\">03.05-24.05.2025 &#8221;Satukuvia lapsille&#8221;, Piikki\u00f6n kirjasto<\/a><br \/>Avajaiset ma 5.5. klo 17-18.30. Tervetuloa!<br \/><\/strong><\/p>\n<\/div>\n\n\n\n<div class=\"wp-block-column is-layout-flow wp-block-column-is-layout-flow\">\n<figure class=\"wp-block-image size-full\"><img loading=\"lazy\" decoding=\"async\" width=\"1000\" height=\"500\" src=\"https:\/\/markelaaksonen.net\/wp-content\/uploads\/2025\/04\/2025-05-suma-kaarina-1920x960-1.jpg\" alt=\"\" class=\"wp-image-985\" srcset=\"https:\/\/markelaaksonen.net\/wp-content\/uploads\/2025\/04\/2025-05-suma-kaarina-1920x960-1.jpg 1000w, https:\/\/markelaaksonen.net\/wp-content\/uploads\/2025\/04\/2025-05-suma-kaarina-1920x960-1-300x150.jpg 300w, https:\/\/markelaaksonen.net\/wp-content\/uploads\/2025\/04\/2025-05-suma-kaarina-1920x960-1-768x384.jpg 768w\" sizes=\"(max-width: 706px) 89vw, (max-width: 767px) 82vw, 740px\" \/><\/figure>\n\n\n\n<p><strong><a href=\"https:\/\/markelaaksonen.net\/?page_id=989\">03.05.-28.05.2025 &#8221;Kaivertamalla synnytetty&#8221;, Kaarina-talo<\/a><br \/>Avajaiset pe 2.5. klo 17.30-19. Tervetuloa!<br \/>Puupiirroksia<\/strong><\/p>\n<\/div>\n<\/div>\n\n\n\n<div class=\"wp-block-columns is-layout-flex wp-container-core-columns-is-layout-9d6595d7 wp-block-columns-is-layout-flex\">\n<div class=\"wp-block-column is-layout-flow wp-block-column-is-layout-flow\">\n<figure class=\"wp-block-image size-large\"><img loading=\"lazy\" decoding=\"async\" width=\"1024\" height=\"726\" src=\"https:\/\/markelaaksonen.net\/wp-content\/uploads\/2025\/03\/Kutsu-Hty-ry_250313_135134-1024x726.jpg\" alt=\"\" class=\"wp-image-955\" srcset=\"https:\/\/markelaaksonen.net\/wp-content\/uploads\/2025\/03\/Kutsu-Hty-ry_250313_135134-1024x726.jpg 1024w, https:\/\/markelaaksonen.net\/wp-content\/uploads\/2025\/03\/Kutsu-Hty-ry_250313_135134-300x213.jpg 300w, https:\/\/markelaaksonen.net\/wp-content\/uploads\/2025\/03\/Kutsu-Hty-ry_250313_135134-768x545.jpg 768w, https:\/\/markelaaksonen.net\/wp-content\/uploads\/2025\/03\/Kutsu-Hty-ry_250313_135134.jpg 1080w\" sizes=\"(max-width: 706px) 89vw, (max-width: 767px) 82vw, 740px\" \/><\/figure>\n\n\n\n<p><strong>Kev\u00e4\u00e4n riemua 30.3.-25.4.2025<\/strong><br \/><strong>Avajaiset la 29.3. klo 17-19<br \/>Galleria 4-kuus<\/strong><br \/>N\u00e4yttelyn avaa meteorologi, tietokirjailija Seija Paasonen.<\/p>\n<\/div>\n\n\n\n<div class=\"wp-block-column is-layout-flow wp-block-column-is-layout-flow\">\n<figure class=\"wp-block-image size-large\"><img loading=\"lazy\" decoding=\"async\" width=\"1024\" height=\"1024\" src=\"https:\/\/markelaaksonen.net\/wp-content\/uploads\/2025\/03\/Variharmoniaa-1024x1024.jpg\" alt=\"\" class=\"wp-image-953\" srcset=\"https:\/\/markelaaksonen.net\/wp-content\/uploads\/2025\/03\/Variharmoniaa-1024x1024.jpg 1024w, https:\/\/markelaaksonen.net\/wp-content\/uploads\/2025\/03\/Variharmoniaa-300x300.jpg 300w, https:\/\/markelaaksonen.net\/wp-content\/uploads\/2025\/03\/Variharmoniaa-150x150.jpg 150w, https:\/\/markelaaksonen.net\/wp-content\/uploads\/2025\/03\/Variharmoniaa-768x768.jpg 768w, https:\/\/markelaaksonen.net\/wp-content\/uploads\/2025\/03\/Variharmoniaa-100x100.jpg 100w, https:\/\/markelaaksonen.net\/wp-content\/uploads\/2025\/03\/Variharmoniaa-200x200.jpg 200w, https:\/\/markelaaksonen.net\/wp-content\/uploads\/2025\/03\/Variharmoniaa.jpg 1079w\" sizes=\"(max-width: 706px) 89vw, (max-width: 767px) 82vw, 740px\" \/><\/figure>\n\n\n\n<p><a href=\"https:\/\/markelaaksonen.net\/?page_id=961\"><strong>V\u00e4riharmoniaa 25.3.-6.4.2025<\/strong><\/a><br \/><strong>Avajaiset ti 25.3. klo 18-20<br \/>Kaapelitehdas Puristamo<\/strong><\/p>\n<\/div>\n<\/div>\n\n\n\n<div class=\"wp-block-columns is-layout-flex wp-container-core-columns-is-layout-9d6595d7 wp-block-columns-is-layout-flex\">\n<div class=\"wp-block-column is-layout-flow wp-block-column-is-layout-flow\">\n<figure class=\"wp-block-image size-large\"><img loading=\"lazy\" decoding=\"async\" width=\"1024\" height=\"724\" src=\"https:\/\/markelaaksonen.net\/wp-content\/uploads\/2025\/03\/Marke_Laaksonen_Luovaa_luontoa-1024x724.jpg\" alt=\"\" class=\"wp-image-935\" srcset=\"https:\/\/markelaaksonen.net\/wp-content\/uploads\/2025\/03\/Marke_Laaksonen_Luovaa_luontoa-1024x724.jpg 1024w, https:\/\/markelaaksonen.net\/wp-content\/uploads\/2025\/03\/Marke_Laaksonen_Luovaa_luontoa-300x212.jpg 300w, https:\/\/markelaaksonen.net\/wp-content\/uploads\/2025\/03\/Marke_Laaksonen_Luovaa_luontoa-768x543.jpg 768w, https:\/\/markelaaksonen.net\/wp-content\/uploads\/2025\/03\/Marke_Laaksonen_Luovaa_luontoa-1536x1086.jpg 1536w, https:\/\/markelaaksonen.net\/wp-content\/uploads\/2025\/03\/Marke_Laaksonen_Luovaa_luontoa.jpg 1920w\" sizes=\"(max-width: 706px) 89vw, (max-width: 767px) 82vw, 740px\" \/><\/figure>\n\n\n\n<p><strong>Luovaa luontoa 3.-31.3.2025<br \/>Nousiaisten kirjasto<\/strong><\/p>\n<\/div>\n<\/div>\n\n\n\n<div class=\"wp-block-columns is-layout-flex wp-container-core-columns-is-layout-9d6595d7 wp-block-columns-is-layout-flex\">\n<div class=\"wp-block-column is-layout-flow wp-block-column-is-layout-flow\">\n<figure class=\"wp-block-image size-full\"><img loading=\"lazy\" decoding=\"async\" width=\"480\" height=\"600\" src=\"https:\/\/markelaaksonen.net\/wp-content\/uploads\/2025\/02\/1737531411-iloajainspiraatio_jorvi_turkoosia3_JORVIG-PORTRAIT-1080X1350-NIMILLA.jpeg\" alt=\"\" class=\"wp-image-920\" srcset=\"https:\/\/markelaaksonen.net\/wp-content\/uploads\/2025\/02\/1737531411-iloajainspiraatio_jorvi_turkoosia3_JORVIG-PORTRAIT-1080X1350-NIMILLA.jpeg 480w, https:\/\/markelaaksonen.net\/wp-content\/uploads\/2025\/02\/1737531411-iloajainspiraatio_jorvi_turkoosia3_JORVIG-PORTRAIT-1080X1350-NIMILLA-240x300.jpeg 240w\" sizes=\"(max-width: 480px) 100vw, 480px\" \/><\/figure>\n\n\n\n<p><strong><a href=\"https:\/\/markelaaksonen.net\/?page_id=906\">26.01-22.02.2025 &#8221;Ilo ja inspiraatio&#8221;, Jorvin sairaalan p\u00e4\u00e4aula<\/a><\/strong><\/p>\n<\/div>\n\n\n\n<div class=\"wp-block-column is-layout-flow wp-block-column-is-layout-flow\">\n<figure class=\"wp-block-image size-large\"><img loading=\"lazy\" decoding=\"async\" width=\"1024\" height=\"1024\" src=\"https:\/\/markelaaksonen.net\/wp-content\/uploads\/2025\/01\/1734524721-Kutsu-avajaisilla-1024x1024.jpg\" alt=\"\" class=\"wp-image-887\" srcset=\"https:\/\/markelaaksonen.net\/wp-content\/uploads\/2025\/01\/1734524721-Kutsu-avajaisilla-1024x1024.jpg 1024w, https:\/\/markelaaksonen.net\/wp-content\/uploads\/2025\/01\/1734524721-Kutsu-avajaisilla-300x300.jpg 300w, https:\/\/markelaaksonen.net\/wp-content\/uploads\/2025\/01\/1734524721-Kutsu-avajaisilla-150x150.jpg 150w, https:\/\/markelaaksonen.net\/wp-content\/uploads\/2025\/01\/1734524721-Kutsu-avajaisilla-768x768.jpg 768w, https:\/\/markelaaksonen.net\/wp-content\/uploads\/2025\/01\/1734524721-Kutsu-avajaisilla-100x100.jpg 100w, https:\/\/markelaaksonen.net\/wp-content\/uploads\/2025\/01\/1734524721-Kutsu-avajaisilla-200x200.jpg 200w, https:\/\/markelaaksonen.net\/wp-content\/uploads\/2025\/01\/1734524721-Kutsu-avajaisilla-1536x1536.jpg 1536w, https:\/\/markelaaksonen.net\/wp-content\/uploads\/2025\/01\/1734524721-Kutsu-avajaisilla.jpg 1654w\" sizes=\"(max-width: 706px) 89vw, (max-width: 767px) 82vw, 740px\" \/><\/figure>\n\n\n\n<p><strong><a href=\"https:\/\/markelaaksonen.net\/?page_id=902\">&#8221;25&#215;25&#8221; 11.01.-30.01.2025<\/a><br \/>Galleria Art Frida<br \/>Avajaiset 11.01. klo 12-16<\/strong><\/p>\n<\/div>\n\n\n\n<div class=\"wp-block-column is-layout-flow wp-block-column-is-layout-flow\">\n<figure class=\"wp-block-image size-large\"><img loading=\"lazy\" decoding=\"async\" width=\"1024\" height=\"867\" src=\"https:\/\/markelaaksonen.net\/wp-content\/uploads\/2024\/11\/gronlund_mies_karhu_ja_aasi-1024x867.webp\" alt=\"\" class=\"wp-image-874\" srcset=\"https:\/\/markelaaksonen.net\/wp-content\/uploads\/2024\/11\/gronlund_mies_karhu_ja_aasi-1024x867.webp 1024w, https:\/\/markelaaksonen.net\/wp-content\/uploads\/2024\/11\/gronlund_mies_karhu_ja_aasi-300x254.webp 300w, https:\/\/markelaaksonen.net\/wp-content\/uploads\/2024\/11\/gronlund_mies_karhu_ja_aasi-768x650.webp 768w, https:\/\/markelaaksonen.net\/wp-content\/uploads\/2024\/11\/gronlund_mies_karhu_ja_aasi.webp 1181w\" sizes=\"(max-width: 706px) 89vw, (max-width: 767px) 82vw, 740px\" \/><\/figure>\n\n\n\n<p><a href=\"https:\/\/markelaaksonen.net\/?page_id=860\"><strong>Naivismin talvi 2024-2025<\/strong><\/a><br \/><strong>23.11.2024-02.03.2025<br \/>Avajaiset 23.11.2024 klo 15-17<\/strong><\/p>\n<\/div>\n<\/div>\n\n\n\n<div class=\"wp-block-columns is-layout-flex wp-container-core-columns-is-layout-9d6595d7 wp-block-columns-is-layout-flex\">\n<div class=\"wp-block-column is-layout-flow wp-block-column-is-layout-flow\"><\/div>\n\n\n\n<div class=\"wp-block-column is-layout-flow wp-block-column-is-layout-flow\"><\/div>\n<\/div>\n\n\n\n<div class=\"wp-block-columns is-layout-flex wp-container-core-columns-is-layout-9d6595d7 wp-block-columns-is-layout-flex\">\n<div class=\"wp-block-column is-layout-flow wp-block-column-is-layout-flow\">\n<figure class=\"wp-block-image size-large\"><img loading=\"lazy\" decoding=\"async\" width=\"1024\" height=\"576\" src=\"https:\/\/markelaaksonen.net\/wp-content\/uploads\/2024\/11\/gandr-collage-5-1024x576.jpg\" alt=\"\" class=\"wp-image-849\" srcset=\"https:\/\/markelaaksonen.net\/wp-content\/uploads\/2024\/11\/gandr-collage-5-1024x576.jpg 1024w, https:\/\/markelaaksonen.net\/wp-content\/uploads\/2024\/11\/gandr-collage-5-300x169.jpg 300w, https:\/\/markelaaksonen.net\/wp-content\/uploads\/2024\/11\/gandr-collage-5-768x432.jpg 768w, https:\/\/markelaaksonen.net\/wp-content\/uploads\/2024\/11\/gandr-collage-5-1536x864.jpg 1536w, https:\/\/markelaaksonen.net\/wp-content\/uploads\/2024\/11\/gandr-collage-5.jpg 1920w\" sizes=\"(max-width: 706px) 89vw, (max-width: 767px) 82vw, 740px\" \/><\/figure>\n\n\n\n<p><a href=\"https:\/\/markelaaksonen.net\/?page_id=851\"><strong>UKJ 40-vuotisjuhlan\u00e4yttely<\/strong><\/a><br \/><strong>07.11.2024-05.01.2025<\/strong><br \/>Gumbostrand Konst &amp; Form, S\u00f6derkulla<\/p>\n<\/div>\n\n\n\n<div class=\"wp-block-column is-layout-flow wp-block-column-is-layout-flow\">\n<figure class=\"wp-block-image size-large\"><img loading=\"lazy\" decoding=\"async\" width=\"1024\" height=\"1024\" src=\"https:\/\/markelaaksonen.net\/wp-content\/uploads\/2024\/08\/Marke_Laaksonen_Veikean_varikasta1920-1024x1024.jpg\" alt=\"\" class=\"wp-image-831\" srcset=\"https:\/\/markelaaksonen.net\/wp-content\/uploads\/2024\/08\/Marke_Laaksonen_Veikean_varikasta1920-1024x1024.jpg 1024w, https:\/\/markelaaksonen.net\/wp-content\/uploads\/2024\/08\/Marke_Laaksonen_Veikean_varikasta1920-300x300.jpg 300w, https:\/\/markelaaksonen.net\/wp-content\/uploads\/2024\/08\/Marke_Laaksonen_Veikean_varikasta1920-150x150.jpg 150w, https:\/\/markelaaksonen.net\/wp-content\/uploads\/2024\/08\/Marke_Laaksonen_Veikean_varikasta1920-768x768.jpg 768w, https:\/\/markelaaksonen.net\/wp-content\/uploads\/2024\/08\/Marke_Laaksonen_Veikean_varikasta1920-100x100.jpg 100w, https:\/\/markelaaksonen.net\/wp-content\/uploads\/2024\/08\/Marke_Laaksonen_Veikean_varikasta1920-200x200.jpg 200w, https:\/\/markelaaksonen.net\/wp-content\/uploads\/2024\/08\/Marke_Laaksonen_Veikean_varikasta1920-1536x1536.jpg 1536w, https:\/\/markelaaksonen.net\/wp-content\/uploads\/2024\/08\/Marke_Laaksonen_Veikean_varikasta1920.jpg 1920w\" sizes=\"(max-width: 706px) 89vw, (max-width: 767px) 82vw, 740px\" \/><\/figure>\n\n\n\n<p><strong>&#8221;Veike\u00e4n v\u00e4rik\u00e4st\u00e4!&#8221; 5.-31.8.2024<br \/><\/strong>Maisemallisia el\u00e4inaiheita, perhosia ja orkideoita v\u00e4rikyll\u00e4isiss\u00e4 hyv\u00e4n mielen \u00f6ljyv\u00e4rimaalauksissa.<\/p>\n<\/div>\n<\/div>\n\n\n\n<div class=\"wp-block-columns is-layout-flex wp-container-core-columns-is-layout-9d6595d7 wp-block-columns-is-layout-flex\">\n<div class=\"wp-block-column is-layout-flow wp-block-column-is-layout-flow\">\n<figure class=\"wp-block-image size-large\"><a href=\"https:\/\/naivistit.fi\/keltainen-talo-20-5-1-9-2024\/\" target=\"_blank\" rel=\"noreferrer noopener\"><img loading=\"lazy\" decoding=\"async\" width=\"742\" height=\"1024\" src=\"https:\/\/markelaaksonen.net\/wp-content\/uploads\/2024\/04\/Naivistit_Iittalassa_Keltainen_talo-2-742x1024.jpg\" alt=\"\" class=\"wp-image-803\" srcset=\"https:\/\/markelaaksonen.net\/wp-content\/uploads\/2024\/04\/Naivistit_Iittalassa_Keltainen_talo-2-742x1024.jpg 742w, https:\/\/markelaaksonen.net\/wp-content\/uploads\/2024\/04\/Naivistit_Iittalassa_Keltainen_talo-2-217x300.jpg 217w, https:\/\/markelaaksonen.net\/wp-content\/uploads\/2024\/04\/Naivistit_Iittalassa_Keltainen_talo-2-768x1060.jpg 768w, https:\/\/markelaaksonen.net\/wp-content\/uploads\/2024\/04\/Naivistit_Iittalassa_Keltainen_talo-2-1113x1536.jpg 1113w, https:\/\/markelaaksonen.net\/wp-content\/uploads\/2024\/04\/Naivistit_Iittalassa_Keltainen_talo-2-1483x2048.jpg 1483w, https:\/\/markelaaksonen.net\/wp-content\/uploads\/2024\/04\/Naivistit_Iittalassa_Keltainen_talo-2-scaled.jpg 1854w\" sizes=\"(max-width: 706px) 89vw, (max-width: 767px) 82vw, 740px\" \/><\/a><\/figure>\n\n\n\n<p><a href=\"https:\/\/naivistit.fi\/keltainen-talo-20-5-1-9-2024\/\">Naivistit Iittalassa kes\u00e4n\u00e4yttely 2024 &#8221;Keltainen talo&#8221;<\/a><\/p>\n<\/div>\n\n\n\n<div class=\"wp-block-column is-layout-flow wp-block-column-is-layout-flow\">\n<figure class=\"wp-block-image size-large\"><img loading=\"lazy\" decoding=\"async\" width=\"724\" height=\"1024\" src=\"https:\/\/markelaaksonen.net\/wp-content\/uploads\/2024\/04\/1713519010-KutsuAuringonsiivellaGalleria4kuus-02-724x1024.png\" alt=\"\" class=\"wp-image-812\" srcset=\"https:\/\/markelaaksonen.net\/wp-content\/uploads\/2024\/04\/1713519010-KutsuAuringonsiivellaGalleria4kuus-02-724x1024.png 724w, https:\/\/markelaaksonen.net\/wp-content\/uploads\/2024\/04\/1713519010-KutsuAuringonsiivellaGalleria4kuus-02-212x300.png 212w, https:\/\/markelaaksonen.net\/wp-content\/uploads\/2024\/04\/1713519010-KutsuAuringonsiivellaGalleria4kuus-02-768x1086.png 768w, https:\/\/markelaaksonen.net\/wp-content\/uploads\/2024\/04\/1713519010-KutsuAuringonsiivellaGalleria4kuus-02-1087x1536.png 1087w, https:\/\/markelaaksonen.net\/wp-content\/uploads\/2024\/04\/1713519010-KutsuAuringonsiivellaGalleria4kuus-02-1449x2048.png 1449w, https:\/\/markelaaksonen.net\/wp-content\/uploads\/2024\/04\/1713519010-KutsuAuringonsiivellaGalleria4kuus-02.png 1755w\" sizes=\"(max-width: 724px) 100vw, 724px\" \/><\/figure>\n\n\n\n<p>Avajaiset la 27.4. klo 17-19. Tervetuloa!<\/p>\n<\/div>\n<\/div>\n\n\n\n<figure class=\"wp-block-image size-large\"><img loading=\"lazy\" decoding=\"async\" width=\"1024\" height=\"552\" src=\"https:\/\/markelaaksonen.net\/wp-content\/uploads\/2024\/04\/Kutsukapeepuristamo-1024x552.jpg\" alt=\"\" class=\"wp-image-791\" srcset=\"https:\/\/markelaaksonen.net\/wp-content\/uploads\/2024\/04\/Kutsukapeepuristamo-1024x552.jpg 1024w, https:\/\/markelaaksonen.net\/wp-content\/uploads\/2024\/04\/Kutsukapeepuristamo-300x162.jpg 300w, https:\/\/markelaaksonen.net\/wp-content\/uploads\/2024\/04\/Kutsukapeepuristamo-768x414.jpg 768w, https:\/\/markelaaksonen.net\/wp-content\/uploads\/2024\/04\/Kutsukapeepuristamo.jpg 1321w\" sizes=\"(max-width: 706px) 89vw, (max-width: 767px) 82vw, 740px\" \/><\/figure>\n\n\n<p><strong>Loisto 2.4.-14.4.2024<\/strong><br \/><strong>Avajaiset 2.4. klo 18-20<\/strong><br \/>Olen mukana n\u00e4yttelyss\u00e4 kolmella teoksella.<\/p>\n\n<div class=\"wp-block-image\">\n<figure class=\"aligncenter size-large is-resized\"><img loading=\"lazy\" decoding=\"async\" width=\"1024\" height=\"1024\" src=\"https:\/\/markelaaksonen.net\/wp-content\/uploads\/2023\/11\/Villisointi_Musiikkitalo_Avajaiset_Marke_Laaksonen-1024x1024.jpg\" alt=\"\" class=\"wp-image-746\" style=\"aspect-ratio:1;width:508px;height:auto\" srcset=\"https:\/\/markelaaksonen.net\/wp-content\/uploads\/2023\/11\/Villisointi_Musiikkitalo_Avajaiset_Marke_Laaksonen-1024x1024.jpg 1024w, https:\/\/markelaaksonen.net\/wp-content\/uploads\/2023\/11\/Villisointi_Musiikkitalo_Avajaiset_Marke_Laaksonen-300x300.jpg 300w, https:\/\/markelaaksonen.net\/wp-content\/uploads\/2023\/11\/Villisointi_Musiikkitalo_Avajaiset_Marke_Laaksonen-150x150.jpg 150w, https:\/\/markelaaksonen.net\/wp-content\/uploads\/2023\/11\/Villisointi_Musiikkitalo_Avajaiset_Marke_Laaksonen-768x768.jpg 768w, https:\/\/markelaaksonen.net\/wp-content\/uploads\/2023\/11\/Villisointi_Musiikkitalo_Avajaiset_Marke_Laaksonen-100x100.jpg 100w, https:\/\/markelaaksonen.net\/wp-content\/uploads\/2023\/11\/Villisointi_Musiikkitalo_Avajaiset_Marke_Laaksonen-200x200.jpg 200w, https:\/\/markelaaksonen.net\/wp-content\/uploads\/2023\/11\/Villisointi_Musiikkitalo_Avajaiset_Marke_Laaksonen-1536x1536.jpg 1536w, https:\/\/markelaaksonen.net\/wp-content\/uploads\/2023\/11\/Villisointi_Musiikkitalo_Avajaiset_Marke_Laaksonen-2048x2048.jpg 2048w\" sizes=\"(max-width: 706px) 89vw, (max-width: 767px) 82vw, 740px\" \/><\/figure>\n<\/div>\n\n<p><strong>Villi sointi 13.11.-16.12.2023<\/strong><\/p>\n<p><strong>Avajaiset ti 14.11. klo 17-19<br \/><\/strong><br \/>Villi sointi -taiden\u00e4yttely tuo yhteen kuusi kuvataiteilijaa eri puolilta Suomea; Aila Asu, Riitta Kilpi, Marke Laaksonen, Anne Malin, Tarja Sirki\u00e4 ja Juhana Ylikojola luovat omat tulkintansa luonnon ja maailmankaikkeuden villist\u00e4 soinnista.<\/p>\n\n<div class=\"wp-block-image\">\n<figure class=\"aligncenter size-large is-resized\"><img loading=\"lazy\" decoding=\"async\" width=\"730\" height=\"1024\" src=\"https:\/\/markelaaksonen.net\/wp-content\/uploads\/2023\/11\/Turun_Sunnuntaimaalarit_45vuotisnayttely-730x1024.jpg\" alt=\"\" class=\"wp-image-749\" style=\"aspect-ratio:0.712890625;width:275px;height:auto\" srcset=\"https:\/\/markelaaksonen.net\/wp-content\/uploads\/2023\/11\/Turun_Sunnuntaimaalarit_45vuotisnayttely-730x1024.jpg 730w, https:\/\/markelaaksonen.net\/wp-content\/uploads\/2023\/11\/Turun_Sunnuntaimaalarit_45vuotisnayttely-214x300.jpg 214w, https:\/\/markelaaksonen.net\/wp-content\/uploads\/2023\/11\/Turun_Sunnuntaimaalarit_45vuotisnayttely.jpg 732w\" sizes=\"(max-width: 730px) 100vw, 730px\" \/><\/figure>\n<\/div>\n\n<p><strong>Turun Sunnuntaimaalarien 45-vuotisn\u00e4yttely 3.-19.11.2023<\/strong><br \/><strong>Avajaiset to 2.11. klo 18-19.30<\/strong><\/p>\n<p>N\u00e4yttelyn avaa Turun kulttuurijohtaja Anu Laitila.<br \/>Tervetuloa!<\/p>\n<\/p>\n\n<div class=\"wp-block-image\">\n<figure class=\"aligncenter size-large is-resized\"><img loading=\"lazy\" decoding=\"async\" width=\"724\" height=\"1024\" src=\"https:\/\/markelaaksonen.net\/wp-content\/uploads\/2023\/08\/Iloon_koodatut_1920-724x1024.jpg\" alt=\"\" class=\"wp-image-725\" style=\"width:276px;height:390px\" srcset=\"https:\/\/markelaaksonen.net\/wp-content\/uploads\/2023\/08\/Iloon_koodatut_1920-724x1024.jpg 724w, https:\/\/markelaaksonen.net\/wp-content\/uploads\/2023\/08\/Iloon_koodatut_1920-212x300.jpg 212w, https:\/\/markelaaksonen.net\/wp-content\/uploads\/2023\/08\/Iloon_koodatut_1920-768x1086.jpg 768w, https:\/\/markelaaksonen.net\/wp-content\/uploads\/2023\/08\/Iloon_koodatut_1920-1086x1536.jpg 1086w, https:\/\/markelaaksonen.net\/wp-content\/uploads\/2023\/08\/Iloon_koodatut_1920.jpg 1358w\" sizes=\"(max-width: 724px) 100vw, 724px\" \/><\/figure>\n<\/div>\n\n<p style=\"text-align: center;\"><strong>Iloon koodatut 2.9.-21.9.2023<\/strong><br \/>Avajaiset la 2.9. klo 18-20. Tervetuloa!<\/p>\n\n<div class=\"wp-block-image\">\n<figure class=\"aligncenter size-large is-resized\"><img loading=\"lazy\" decoding=\"async\" width=\"1024\" height=\"1024\" src=\"https:\/\/markelaaksonen.net\/wp-content\/uploads\/2023\/08\/Marke_Laaksonen_Kukkien_kuningatar_1920-1024x1024.jpg\" alt=\"\" class=\"wp-image-719\" style=\"width:391px;height:391px\" srcset=\"https:\/\/markelaaksonen.net\/wp-content\/uploads\/2023\/08\/Marke_Laaksonen_Kukkien_kuningatar_1920-1024x1024.jpg 1024w, https:\/\/markelaaksonen.net\/wp-content\/uploads\/2023\/08\/Marke_Laaksonen_Kukkien_kuningatar_1920-300x300.jpg 300w, https:\/\/markelaaksonen.net\/wp-content\/uploads\/2023\/08\/Marke_Laaksonen_Kukkien_kuningatar_1920-150x150.jpg 150w, https:\/\/markelaaksonen.net\/wp-content\/uploads\/2023\/08\/Marke_Laaksonen_Kukkien_kuningatar_1920-768x768.jpg 768w, https:\/\/markelaaksonen.net\/wp-content\/uploads\/2023\/08\/Marke_Laaksonen_Kukkien_kuningatar_1920-100x100.jpg 100w, https:\/\/markelaaksonen.net\/wp-content\/uploads\/2023\/08\/Marke_Laaksonen_Kukkien_kuningatar_1920-200x200.jpg 200w, https:\/\/markelaaksonen.net\/wp-content\/uploads\/2023\/08\/Marke_Laaksonen_Kukkien_kuningatar_1920-1536x1536.jpg 1536w, https:\/\/markelaaksonen.net\/wp-content\/uploads\/2023\/08\/Marke_Laaksonen_Kukkien_kuningatar_1920.jpg 1920w\" sizes=\"(max-width: 706px) 89vw, (max-width: 767px) 82vw, 740px\" \/><\/figure>\n<\/div>\n\n<p><strong>Kukkien kuningatar 1.9.-30.9.2023<\/strong><br \/>\u00d6ljyv\u00e4rimaalauksia orkideoista Tuorlan Majatalossa Kaarinan Piikki\u00f6ss\u00e4.<br \/>Avoinna ma-su 8-16. Tervetuloa!<\/p>\n\n\n<figure class=\"wp-block-image size-large\"><img loading=\"lazy\" decoding=\"async\" width=\"1024\" height=\"534\" src=\"https:\/\/markelaaksonen.net\/wp-content\/uploads\/2023\/06\/2023-07-joutsamo-laaksonen-FB-1640x856_2-1024x534.jpg\" alt=\"\" class=\"wp-image-708\" srcset=\"https:\/\/markelaaksonen.net\/wp-content\/uploads\/2023\/06\/2023-07-joutsamo-laaksonen-FB-1640x856_2-1024x534.jpg 1024w, https:\/\/markelaaksonen.net\/wp-content\/uploads\/2023\/06\/2023-07-joutsamo-laaksonen-FB-1640x856_2-300x157.jpg 300w, https:\/\/markelaaksonen.net\/wp-content\/uploads\/2023\/06\/2023-07-joutsamo-laaksonen-FB-1640x856_2-768x401.jpg 768w, https:\/\/markelaaksonen.net\/wp-content\/uploads\/2023\/06\/2023-07-joutsamo-laaksonen-FB-1640x856_2-1536x802.jpg 1536w, https:\/\/markelaaksonen.net\/wp-content\/uploads\/2023\/06\/2023-07-joutsamo-laaksonen-FB-1640x856_2.jpg 1640w\" sizes=\"(max-width: 706px) 89vw, (max-width: 767px) 82vw, 740px\" \/><\/figure>\n\n\n<p><strong>Maalauksia luonnon inspiroimana 3.-28.7.2023<br \/>Avajaiset ma 3.7. klo 17-19. Tervetuloa!<\/strong><\/p>\n\n\n<figure class=\"wp-block-image size-full\"><img loading=\"lazy\" decoding=\"async\" width=\"1000\" height=\"500\" src=\"https:\/\/markelaaksonen.net\/wp-content\/uploads\/2023\/05\/2023-05-piikkio-laaksonen-kaarina-1920x960-1.jpg\" alt=\"\" class=\"wp-image-702\" srcset=\"https:\/\/markelaaksonen.net\/wp-content\/uploads\/2023\/05\/2023-05-piikkio-laaksonen-kaarina-1920x960-1.jpg 1000w, https:\/\/markelaaksonen.net\/wp-content\/uploads\/2023\/05\/2023-05-piikkio-laaksonen-kaarina-1920x960-1-300x150.jpg 300w, https:\/\/markelaaksonen.net\/wp-content\/uploads\/2023\/05\/2023-05-piikkio-laaksonen-kaarina-1920x960-1-768x384.jpg 768w\" sizes=\"(max-width: 706px) 89vw, (max-width: 767px) 82vw, 740px\" \/><\/figure>\n\n\n<p><strong>Kiehtovat orkideat 3.-30.5.2023<\/strong><\/p>\n<p>\u00d6ljyv\u00e4rimaalauksia kankaalle ja akryylilevylle.<\/p>\n\n<div class=\"wp-block-image\">\n<figure class=\"aligncenter size-large is-resized\"><img loading=\"lazy\" decoding=\"async\" width=\"724\" height=\"1024\" src=\"https:\/\/markelaaksonen.net\/wp-content\/uploads\/2023\/02\/Varikas_maailma_2-724x1024.jpg\" alt=\"\" class=\"wp-image-674\" style=\"width:362px;height:512px\" srcset=\"https:\/\/markelaaksonen.net\/wp-content\/uploads\/2023\/02\/Varikas_maailma_2-724x1024.jpg 724w, https:\/\/markelaaksonen.net\/wp-content\/uploads\/2023\/02\/Varikas_maailma_2-212x300.jpg 212w, https:\/\/markelaaksonen.net\/wp-content\/uploads\/2023\/02\/Varikas_maailma_2-768x1087.jpg 768w, https:\/\/markelaaksonen.net\/wp-content\/uploads\/2023\/02\/Varikas_maailma_2-1086x1536.jpg 1086w, https:\/\/markelaaksonen.net\/wp-content\/uploads\/2023\/02\/Varikas_maailma_2.jpg 1357w\" sizes=\"(max-width: 724px) 100vw, 724px\" \/><\/figure>\n<\/div>\n\n<p style=\"text-align: left;\"><strong>V\u00e4rik\u00e4s maailma 1.-28.2.2023<\/strong><\/p>\n<p>Molempien taiteilijoiden maalausten l\u00e4ht\u00f6kohtana on luonto.<\/p>\n<p>Innostuksen ja ihmettelyn tunteet ovat tuottaneet esim. hyv\u00e4n mielen maalauksia, mutta my\u00f6s vakavamman aiheen teoksia on esill\u00e4.<\/p>\n\n<div class=\"wp-block-image\">\n<figure class=\"aligncenter size-large is-resized\"><img loading=\"lazy\" decoding=\"async\" width=\"1024\" height=\"511\" src=\"https:\/\/markelaaksonen.net\/wp-content\/uploads\/2023\/01\/Sadoista_ovista_Marke_Laaksonen_2023_2-1024x511.jpg\" alt=\"\" class=\"wp-image-667\" style=\"width:768px;height:383px\" srcset=\"https:\/\/markelaaksonen.net\/wp-content\/uploads\/2023\/01\/Sadoista_ovista_Marke_Laaksonen_2023_2-1024x511.jpg 1024w, https:\/\/markelaaksonen.net\/wp-content\/uploads\/2023\/01\/Sadoista_ovista_Marke_Laaksonen_2023_2-300x150.jpg 300w, https:\/\/markelaaksonen.net\/wp-content\/uploads\/2023\/01\/Sadoista_ovista_Marke_Laaksonen_2023_2-768x383.jpg 768w, https:\/\/markelaaksonen.net\/wp-content\/uploads\/2023\/01\/Sadoista_ovista_Marke_Laaksonen_2023_2.jpg 1079w\" sizes=\"(max-width: 706px) 89vw, (max-width: 767px) 82vw, 740px\" \/><\/figure>\n<\/div>\n\n<p><strong>Sadoista ovista -p\u00e4\u00e4tt\u00f6ty\u00f6n\u00e4yttely 31.1.-12.2.2023<\/strong><\/p>\n<p>Avajaiset 31.2.2023 klo 17-19.<\/p>\n\n<div class=\"wp-block-image\">\n<figure class=\"aligncenter size-full is-resized\"><img loading=\"lazy\" decoding=\"async\" width=\"800\" height=\"773\" src=\"https:\/\/markelaaksonen.net\/wp-content\/uploads\/2022\/11\/UMK-21.11-2_3.png\" alt=\"\" class=\"wp-image-661\" style=\"width:400px;height:387px\" srcset=\"https:\/\/markelaaksonen.net\/wp-content\/uploads\/2022\/11\/UMK-21.11-2_3.png 800w, https:\/\/markelaaksonen.net\/wp-content\/uploads\/2022\/11\/UMK-21.11-2_3-300x290.png 300w, https:\/\/markelaaksonen.net\/wp-content\/uploads\/2022\/11\/UMK-21.11-2_3-768x742.png 768w\" sizes=\"(max-width: 706px) 89vw, (max-width: 767px) 82vw, 740px\" \/><\/figure>\n<\/div>\n\n<p style=\"text-align: center;\"><strong>Uudet Maan Kuvat 30.11.-11.12.2022<\/strong><\/p>\n<p style=\"text-align: center;\">Avajaiset 2.12. klo 18.<\/p>\n\n<div class=\"wp-block-image\">\n<figure class=\"aligncenter size-large is-resized\"><img loading=\"lazy\" decoding=\"async\" width=\"579\" height=\"1024\" src=\"https:\/\/markelaaksonen.net\/wp-content\/uploads\/2022\/10\/Varit_Sumassa-579x1024.jpg\" alt=\"\" class=\"wp-image-643\" style=\"width:290px;height:512px\" srcset=\"https:\/\/markelaaksonen.net\/wp-content\/uploads\/2022\/10\/Varit_Sumassa-579x1024.jpg 579w, https:\/\/markelaaksonen.net\/wp-content\/uploads\/2022\/10\/Varit_Sumassa-170x300.jpg 170w, https:\/\/markelaaksonen.net\/wp-content\/uploads\/2022\/10\/Varit_Sumassa.jpg 616w\" sizes=\"(max-width: 579px) 100vw, 579px\" \/><\/figure>\n<\/div>\n\n<p style=\"text-align: center;\"><strong>V\u00e4rien Suma 21.10.-6.11.2022<\/strong><\/p>\n<p style=\"text-align: center;\">Avajaiset to 20.10. klo 18-20.<\/p>\n\n<div class=\"wp-block-image\">\n<figure class=\"aligncenter size-large is-resized\"><img loading=\"lazy\" decoding=\"async\" width=\"725\" height=\"1024\" src=\"https:\/\/markelaaksonen.net\/wp-content\/uploads\/2022\/09\/Nayttelyesite_Ilonpisaroita_Ulla_Joutsamo_Marke_Laaksonen_2022-725x1024.jpg\" alt=\"\" class=\"wp-image-636\" style=\"width:363px;height:512px\" srcset=\"https:\/\/markelaaksonen.net\/wp-content\/uploads\/2022\/09\/Nayttelyesite_Ilonpisaroita_Ulla_Joutsamo_Marke_Laaksonen_2022-725x1024.jpg 725w, https:\/\/markelaaksonen.net\/wp-content\/uploads\/2022\/09\/Nayttelyesite_Ilonpisaroita_Ulla_Joutsamo_Marke_Laaksonen_2022-212x300.jpg 212w, https:\/\/markelaaksonen.net\/wp-content\/uploads\/2022\/09\/Nayttelyesite_Ilonpisaroita_Ulla_Joutsamo_Marke_Laaksonen_2022-768x1085.jpg 768w, https:\/\/markelaaksonen.net\/wp-content\/uploads\/2022\/09\/Nayttelyesite_Ilonpisaroita_Ulla_Joutsamo_Marke_Laaksonen_2022.jpg 800w\" sizes=\"(max-width: 725px) 100vw, 725px\" \/><\/figure>\n<\/div>\n\n<div class=\"wp-block-image\">\n<figure class=\"aligncenter size-full is-resized\"><img loading=\"lazy\" decoding=\"async\" width=\"800\" height=\"658\" src=\"https:\/\/markelaaksonen.net\/wp-content\/uploads\/2022\/08\/Marke_Laaksonen_Art_Viidakosta_puutarhaan.jpg\" alt=\"\" class=\"wp-image-555\" style=\"width:400px;height:329px\" srcset=\"https:\/\/markelaaksonen.net\/wp-content\/uploads\/2022\/08\/Marke_Laaksonen_Art_Viidakosta_puutarhaan.jpg 800w, https:\/\/markelaaksonen.net\/wp-content\/uploads\/2022\/08\/Marke_Laaksonen_Art_Viidakosta_puutarhaan-300x247.jpg 300w, https:\/\/markelaaksonen.net\/wp-content\/uploads\/2022\/08\/Marke_Laaksonen_Art_Viidakosta_puutarhaan-768x632.jpg 768w\" sizes=\"(max-width: 706px) 89vw, (max-width: 767px) 82vw, 740px\" \/><\/figure>\n<\/div>\n\n<p><strong>VIIDAKOSTA PUUTARHAAN<\/strong>&nbsp;-n\u00e4yttely on n\u00e4ht\u00e4viss\u00e4 It\u00e4isenkadun Kehyst\u00e4m\u00f6n Ikkunagalleriassa elokuun ajan. Esill\u00e4 on v\u00e4rikyll\u00e4isi\u00e4 maalauksia, joista suurin osa on tehty \u00f6ljyv\u00e4rill\u00e4 kankaalle ja akryylilevylle.<\/p>\n\n<div class=\"wp-block-image\">\n<figure class=\"aligncenter size-large is-resized\"><img loading=\"lazy\" decoding=\"async\" width=\"1014\" height=\"1024\" src=\"https:\/\/markelaaksonen.net\/wp-content\/uploads\/2022\/08\/54_Vuosinayttely-1014x1024.jpg\" alt=\"\" class=\"wp-image-605\" style=\"width:326px;height:329px\" srcset=\"https:\/\/markelaaksonen.net\/wp-content\/uploads\/2022\/08\/54_Vuosinayttely-1014x1024.jpg 1014w, https:\/\/markelaaksonen.net\/wp-content\/uploads\/2022\/08\/54_Vuosinayttely-297x300.jpg 297w, https:\/\/markelaaksonen.net\/wp-content\/uploads\/2022\/08\/54_Vuosinayttely-150x150.jpg 150w, https:\/\/markelaaksonen.net\/wp-content\/uploads\/2022\/08\/54_Vuosinayttely-768x775.jpg 768w, https:\/\/markelaaksonen.net\/wp-content\/uploads\/2022\/08\/54_Vuosinayttely-100x100.jpg 100w, https:\/\/markelaaksonen.net\/wp-content\/uploads\/2022\/08\/54_Vuosinayttely.jpg 1065w\" sizes=\"(max-width: 706px) 89vw, (max-width: 767px) 82vw, 740px\" \/><\/figure>\n<\/div>\n\n<p style=\"text-align: left;\">Suomen Taiteilijoiden <strong>54. VUOSIN\u00c4YTTELYSS\u00c4<\/strong>&nbsp;oli mukana yksi maalaukseni.<br \/>N\u00e4yttelyn jyrytyksest\u00e4 ja ripustuksesta vastasi kuvataiteilija Tero Annanolli.<\/p>\n\n<div class=\"wp-block-image\">\n<figure class=\"aligncenter size-full is-resized\"><img loading=\"lazy\" decoding=\"async\" width=\"656\" height=\"659\" src=\"https:\/\/markelaaksonen.net\/wp-content\/uploads\/2022\/04\/Valon_taikaa_1.jpg\" alt=\"\" class=\"wp-image-476\" style=\"width:328px;height:330px\" srcset=\"https:\/\/markelaaksonen.net\/wp-content\/uploads\/2022\/04\/Valon_taikaa_1.jpg 656w, https:\/\/markelaaksonen.net\/wp-content\/uploads\/2022\/04\/Valon_taikaa_1-300x300.jpg 300w, https:\/\/markelaaksonen.net\/wp-content\/uploads\/2022\/04\/Valon_taikaa_1-150x150.jpg 150w, https:\/\/markelaaksonen.net\/wp-content\/uploads\/2022\/04\/Valon_taikaa_1-100x100.jpg 100w, https:\/\/markelaaksonen.net\/wp-content\/uploads\/2022\/04\/Valon_taikaa_1-200x200.jpg 200w\" sizes=\"(max-width: 656px) 100vw, 656px\" \/><\/figure>\n<\/div>\n\n<p style=\"text-align: center;\"><strong>VALON TAIKAA 3.5.-28.5.2022<\/strong><br \/>Suomen Taiteilijoiden n\u00e4yttelyss\u00e4 oli esill\u00e4 kolme maalaustani.<\/p>\n\n<div class=\"wp-block-image\">\n<figure class=\"aligncenter size-large is-resized\"><img loading=\"lazy\" decoding=\"async\" width=\"737\" height=\"1024\" src=\"https:\/\/markelaaksonen.net\/wp-content\/uploads\/2022\/08\/Marke_Laaksonen_Art_2_Almintalo-737x1024.jpg\" alt=\"\" class=\"wp-image-573\" style=\"width:369px;height:512px\" srcset=\"https:\/\/markelaaksonen.net\/wp-content\/uploads\/2022\/08\/Marke_Laaksonen_Art_2_Almintalo-737x1024.jpg 737w, https:\/\/markelaaksonen.net\/wp-content\/uploads\/2022\/08\/Marke_Laaksonen_Art_2_Almintalo-216x300.jpg 216w, https:\/\/markelaaksonen.net\/wp-content\/uploads\/2022\/08\/Marke_Laaksonen_Art_2_Almintalo-768x1068.jpg 768w, https:\/\/markelaaksonen.net\/wp-content\/uploads\/2022\/08\/Marke_Laaksonen_Art_2_Almintalo.jpg 800w\" sizes=\"(max-width: 737px) 100vw, 737px\" \/><\/figure>\n<\/div>\n\n<p style=\"text-align: center;\"><strong>L\u00c4HELL\u00c4 JA KAUKAA 8.3.-27.3.2022<\/strong><\/p>\n\n<div class=\"wp-block-image\">\n<figure class=\"aligncenter size-large is-resized\"><img loading=\"lazy\" decoding=\"async\" width=\"560\" height=\"1024\" src=\"https:\/\/markelaaksonen.net\/wp-content\/uploads\/2022\/08\/Marke_Laaksonen_Art_Nayttely_Skanssi_syksy21mal2-560x1024.jpg\" alt=\"\" class=\"wp-image-577\" style=\"width:280px;height:512px\" srcset=\"https:\/\/markelaaksonen.net\/wp-content\/uploads\/2022\/08\/Marke_Laaksonen_Art_Nayttely_Skanssi_syksy21mal2-560x1024.jpg 560w, https:\/\/markelaaksonen.net\/wp-content\/uploads\/2022\/08\/Marke_Laaksonen_Art_Nayttely_Skanssi_syksy21mal2-164x300.jpg 164w, https:\/\/markelaaksonen.net\/wp-content\/uploads\/2022\/08\/Marke_Laaksonen_Art_Nayttely_Skanssi_syksy21mal2-768x1404.jpg 768w, https:\/\/markelaaksonen.net\/wp-content\/uploads\/2022\/08\/Marke_Laaksonen_Art_Nayttely_Skanssi_syksy21mal2.jpg 800w\" sizes=\"(max-width: 560px) 100vw, 560px\" \/><\/figure>\n<\/div>\n\n<p style=\"text-align: center;\"><strong>SUMAN SYYSN\u00c4YTTELY 30.9.-17.10.2021<\/strong><br \/>Turun Sunnuntaimaalareiden syysn\u00e4yttely Kauppakeskus Skanssin tiloissa.<\/p>\n\n<div class=\"wp-block-image\">\n<figure class=\"aligncenter size-large is-resized\"><img loading=\"lazy\" decoding=\"async\" width=\"672\" height=\"1024\" src=\"https:\/\/markelaaksonen.net\/wp-content\/uploads\/2022\/08\/Elaman_Vareja_A5_2-672x1024.jpg\" alt=\"\" class=\"wp-image-567\" style=\"width:336px;height:512px\" srcset=\"https:\/\/markelaaksonen.net\/wp-content\/uploads\/2022\/08\/Elaman_Vareja_A5_2-672x1024.jpg 672w, https:\/\/markelaaksonen.net\/wp-content\/uploads\/2022\/08\/Elaman_Vareja_A5_2-197x300.jpg 197w, https:\/\/markelaaksonen.net\/wp-content\/uploads\/2022\/08\/Elaman_Vareja_A5_2-768x1170.jpg 768w, https:\/\/markelaaksonen.net\/wp-content\/uploads\/2022\/08\/Elaman_Vareja_A5_2.jpg 800w\" sizes=\"(max-width: 672px) 100vw, 672px\" \/><\/figure>\n<\/div>\n\n<p><strong>EL\u00c4M\u00c4N V\u00c4REJ\u00c4 15.6. \u2013 12.7.2021<\/strong><\/p>\n<p>Ulla Joutsamo, Pertti Korhonen, Markku Toivari, Marke Laaksonen,<br \/>Sirpa Erkinharju postuumisti.<\/p>\n<p>Kulttuurikeskus Cruselli<br \/>Liljelund-halli, Kullervontie 11 A, Uusikaupunki<br \/>ma-pe 10-16, la-su suljettu<\/p>\n<p>N\u00e4it\u00e4 viitt\u00e4 kuvataiteilijaa yhdist\u00e4v\u00e4n\u00e4 tekij\u00e4n\u00e4 on vahva v\u00e4rien k\u00e4ytt\u00f6, jota jokainen toteuttaa omalla persoonallisella tavallaan. Ryhm\u00e4\u00e4 yhdist\u00e4\u00e4 lis\u00e4ksi pleksimaalaustekniikkaan perehtyminen kuvataiteilija Eija Ruohosen johdolla \u2013 ja hervoton huumorintaju. Sirpa Erkinharjun ty\u00f6t ovat n\u00e4yttelyss\u00e4 postuumisti.<\/p>\n<p>N\u00e4yttelyn kuratoi kuvataiteilija Tiina Vainio.<\/p>\n\n<div class=\"wp-block-image\">\n<figure class=\"aligncenter size-full is-resized\"><img loading=\"lazy\" decoding=\"async\" width=\"768\" height=\"960\" src=\"https:\/\/markelaaksonen.net\/wp-content\/uploads\/2022\/08\/Marke_Laaksonen_Art_KAUKAA.jpg\" alt=\"\" class=\"wp-image-601\" style=\"width:384px;height:480px\" srcset=\"https:\/\/markelaaksonen.net\/wp-content\/uploads\/2022\/08\/Marke_Laaksonen_Art_KAUKAA.jpg 768w, https:\/\/markelaaksonen.net\/wp-content\/uploads\/2022\/08\/Marke_Laaksonen_Art_KAUKAA-240x300.jpg 240w\" sizes=\"(max-width: 706px) 89vw, (max-width: 767px) 82vw, 740px\" \/><\/figure>\n<\/div>\n\n<p><strong>KAUKAA 18.5-13.6.2021<\/strong><br \/>Jokainen taiteilija on k\u00e4sitellyt aihetta omalla, luovalla tyylill\u00e4\u00e4n ja lopputuloksena on monipuolinen ja pys\u00e4ytt\u00e4v\u00e4 kokonaisuus, joka el\u00e4hdytt\u00e4\u00e4 ja inspiroi.<\/p>\n<p>N\u00e4yttelyn kuratoi kuvataiteilija Maarit Bj\u00f6rkman-V\u00e4liahdet.<\/p>\n\n\n<p><\/p>\n","protected":false},"excerpt":{"rendered":"<p>\u00a0 N\u00c4YTTELYT 22.11.2025-8.3.2026 Naivismin talvi Avoinna pe-su klo 11-15Avajaiset la 22.11. klo 15-17 Olen mukana Turun Taiteiden Y\u00f6ss\u00e4 myym\u00e4ss\u00e4 maalauksiani POP UP -n\u00e4yttelyss\u00e4 14.8.2025 Forum Korttelissa. 03.05-24.05.2025 &#8221;Satukuvia lapsille&#8221;, Piikki\u00f6n kirjastoAvajaiset ma 5.5. klo 17-18.30. Tervetuloa! 03.05.-28.05.2025 &#8221;Kaivertamalla synnytetty&#8221;, Kaarina-taloAvajaiset pe 2.5. klo 17.30-19. Tervetuloa!Puupiirroksia Kev\u00e4\u00e4n riemua 30.3.-25.4.2025Avajaiset la 29.3. klo 17-19Galleria 4-kuusN\u00e4yttelyn avaa meteorologi, &hellip; <\/p>\n<p class=\"link-more\"><a href=\"https:\/\/markelaaksonen.net\/?page_id=397\" class=\"more-link\">Jatka lukemista<span class=\"screen-reader-text\"> &#8221;N\u00e4yttelyt&#8221;<\/span><\/a><\/p>\n","protected":false},"author":1,"featured_media":0,"parent":0,"menu_order":0,"comment_status":"closed","ping_status":"closed","template":"","meta":{"footnotes":""},"class_list":["post-397","page","type-page","status-publish","hentry"],"_links":{"self":[{"href":"https:\/\/markelaaksonen.net\/index.php?rest_route=\/wp\/v2\/pages\/397","targetHints":{"allow":["GET"]}}],"collection":[{"href":"https:\/\/markelaaksonen.net\/index.php?rest_route=\/wp\/v2\/pages"}],"about":[{"href":"https:\/\/markelaaksonen.net\/index.php?rest_route=\/wp\/v2\/types\/page"}],"author":[{"embeddable":true,"href":"https:\/\/markelaaksonen.net\/index.php?rest_route=\/wp\/v2\/users\/1"}],"replies":[{"embeddable":true,"href":"https:\/\/markelaaksonen.net\/index.php?rest_route=%2Fwp%2Fv2%2Fcomments&post=397"}],"version-history":[{"count":75,"href":"https:\/\/markelaaksonen.net\/index.php?rest_route=\/wp\/v2\/pages\/397\/revisions"}],"predecessor-version":[{"id":1074,"href":"https:\/\/markelaaksonen.net\/index.php?rest_route=\/wp\/v2\/pages\/397\/revisions\/1074"}],"wp:attachment":[{"href":"https:\/\/markelaaksonen.net\/index.php?rest_route=%2Fwp%2Fv2%2Fmedia&parent=397"}],"curies":[{"name":"wp","href":"https:\/\/api.w.org\/{rel}","templated":true}]}}